{"id":1097,"date":"2019-12-20T19:40:46","date_gmt":"2019-12-20T18:40:46","guid":{"rendered":"https:\/\/www.centronanda.es\/qui-som\/"},"modified":"2020-10-15T07:48:14","modified_gmt":"2020-10-15T06:48:14","slug":"qui-som","status":"publish","type":"page","link":"https:\/\/centronanda.es\/ca\/qui-som\/","title":{"rendered":"Qui som?"},"content":{"rendered":"<div class=\"fusion-fullwidth fullwidth-box fusion-builder-row-1 nonhundred-percent-fullwidth non-hundred-percent-height-scrolling\" style=\"background-color: #f7f7f7;background-position: center center;background-repeat: no-repeat;padding-top:0px;padding-right:0px;padding-bottom:10px;padding-left:0px;margin-bottom: 0px;margin-top: 0px;border-width: 0px 0px 0px 0px;border-color:#eae9e9;border-style:solid;\" ><div class=\"fusion-builder-row fusion-row\"><div class=\"fusion-layout-column fusion_builder_column fusion-builder-column-0 fusion_builder_column_1_1 1_1 fusion-one-full fusion-column-first fusion-column-last fusion-no-small-visibility\" style=\"margin-top:0px;margin-bottom:20px;\"><div class=\"fusion-column-wrapper fusion-flex-column-wrapper-legacy\" style=\"background-position:left top;background-repeat:no-repeat;-webkit-background-size:cover;-moz-background-size:cover;-o-background-size:cover;background-size:cover;padding: 0px 0px 0px 0px;\"><div class=\"fusion-section-separator section-separator slant fusion-section-separator-1\"><div class=\"fusion-section-separator-svg\" style=\"padding:0;margin-left: 0px;margin-right: 0px;\"><svg class=\"fusion-slant-candy\" xmlns=\"http:\/\/www.w3.org\/2000\/svg\" version=\"1.1\" width=\"100%\" height=\"100\" viewBox=\"0 0 100 100\" preserveAspectRatio=\"none\" style=\"fill:#10a498;padding:0;\"><path d=\"M100 0 L100 100 L0 0 Z\"><\/path><\/svg><\/div><div class=\"fusion-section-separator-spacer\"><div class=\"fusion-section-separator-spacer-height\" style=\"height:99px;\"><\/div><\/div><\/div><div class=\"fusion-clearfix\"><\/div><\/div><\/div><div class=\"fusion-layout-column fusion_builder_column fusion-builder-column-1 fusion_builder_column_1_1 1_1 fusion-one-full fusion-column-first fusion-column-last\" style=\"margin-top:2%;margin-bottom:2%;\"><div class=\"fusion-column-wrapper fusion-flex-column-wrapper-legacy\" style=\"background-position:left top;background-repeat:no-repeat;-webkit-background-size:cover;-moz-background-size:cover;-o-background-size:cover;background-size:cover;padding: 0px 0px 0px 0px;\"><div class=\"fusion-text fusion-text-1\"><p style=\"text-align: center;\"><span style=\"font-size: 18pt; font-family: Roboto;\"><strong><em><span style=\"color: #10a498;\">\u201cEl problema no \u00e9s el problema. El problema es la teva actitud envers el problema\u201d\u00a0 <\/span><\/em><\/strong><\/span><\/p>\n<\/div><div class=\"fusion-clearfix\"><\/div><\/div><\/div><\/div><\/div><div class=\"fusion-fullwidth fullwidth-box fusion-builder-row-2 nonhundred-percent-fullwidth non-hundred-percent-height-scrolling\" style=\"background-color: #f7f7f7;background-position: center center;background-repeat: no-repeat;padding-top:0px;padding-right:0px;padding-bottom:0px;padding-left:0px;margin-bottom: 0px;margin-top: 0px;border-width: 0px 0px 0px 0px;border-color:#eae9e9;border-style:solid;\" ><div class=\"fusion-builder-row fusion-row\"><div class=\"fusion-layout-column fusion_builder_column fusion-builder-column-2 fusion_builder_column_1_1 1_1 fusion-one-full fusion-column-first fusion-column-last\" style=\"margin-top:2%;margin-bottom:30px;\"><div class=\"fusion-column-wrapper fusion-flex-column-wrapper-legacy\" style=\"background-position:left top;background-repeat:no-repeat;-webkit-background-size:cover;-moz-background-size:cover;-o-background-size:cover;background-size:cover;padding: 0px 0px 0px 0px;\"><div class=\"imageframe-align-center\"><span class=\" fusion-imageframe imageframe-none imageframe-1 hover-type-none\"><img decoding=\"async\" width=\"60\" height=\"56\" alt=\"logo small nanda\" title=\"logo_60_sin_letras\" src=\"https:\/\/www.centronanda.es\/wp-content\/uploads\/2019\/10\/logo_60_sin_letras.png\" class=\"img-responsive wp-image-1065\"\/><\/span><\/div><div class=\"fusion-text fusion-text-2\"><h2 style=\"text-align: center;\">Qui som?<\/h2>\n<\/div><div class=\"fusion-sep-clear\"><\/div><div class=\"fusion-separator\" style=\"margin-left: auto;margin-right: auto;margin-bottom:35px;width:100%;max-width:100px;\"><div class=\"fusion-separator-border sep-single sep-solid\" style=\"border-color:#10a498;border-top-width:2px;\"><\/div><\/div><div class=\"fusion-sep-clear\"><\/div><div class=\"fusion-text fusion-text-3\"><p style=\"font-size: 22px; line-height: 32px; font-weight: 300; text-align: center;\"><em><span style=\"font-family: Roboto; font-size: 14pt;\">Al centre treballem dues psic\u00f2logues i una logopeda per poder oferir un servei de primera qualitat. Sent cada professional especialista en diferents tem\u00e0tiques i amb diverses t\u00e8cniques per poder aconseguir els objectius proposats pels pacients.<\/span><\/em><\/p>\n<\/div><div class=\"fusion-sep-clear\"><\/div><div class=\"fusion-separator\" style=\"margin-left: auto;margin-right: auto;margin-bottom:35px;width:100%;max-width:100px;\"><div class=\"fusion-separator-border sep-single sep-solid\" style=\"border-color:#10a498;border-top-width:2px;\"><\/div><\/div><div class=\"fusion-sep-clear\"><\/div><div class=\"fusion-text fusion-text-4\"><p style=\"text-align: justify;\"><span style=\"font-size: 14pt;\"><em><strong><span style=\"font-family: Roboto;\">Miriam Vaz Trinidad<\/span><\/strong><\/em><\/span><\/p>\n<p style=\"text-align: justify;\"><span style=\"font-family: Roboto;\">Directora del centre<\/span><\/p>\n<ul style=\"text-align: justify;\">\n<li><span style=\"font-family: Roboto;\">Llic\u00e8nciada en Psicologia per la Universitat Aut\u00f2noma de Barcelona<\/span><\/li>\n<li><span style=\"font-family: Roboto;\">Diplomada en magisteri d&#8217;educaci\u00f3 especial per la Universitat de <\/span><span style=\"font-family: Roboto;\">Barcelona.<\/span><\/li>\n<li><span style=\"font-family: Roboto;\">M\u00e0ster en PNA (Psiconeuroacupuntura). \u201dActualitat\u201d<\/span><\/li>\n<\/ul>\n<p style=\"text-align: justify;\"><span style=\"font-family: Roboto;\">\u00a0<\/span><br \/>\n<span style=\"font-family: Roboto;\">&#8220;Quan vols realment una cosa, tot l&#8217;Univers conspira per ajudar-te a aconseguir-la&#8221; Paulo Coelho.<\/span><br \/>\n<span style=\"font-family: Roboto;\">\u00a0\u00a0<\/span><\/p>\n<p style=\"text-align: justify;\"><span style=\"font-family: Roboto;\">El meu nom \u00e9s Miriam i aquesta frase resumeix bastant b\u00e9 la meva filosofia, el primer \u00e9s tenir clar que &#8216;tot \u00e9s possible !!<\/span><\/p>\n<p style=\"text-align: justify;\"><span style=\"font-family: Roboto;\">He adquirit informaci\u00f3 especialitzada en cursos d&#8217;an\u00e0lisi i interpretaci\u00f3 de somnis, ter\u00e0pia regressiva (psicologia transpersonal), en tallers de psicomotricitat, risoter\u00e0pia, morfopsicologia, d&#8217;an\u00e0lisi de dibuixos &#8230;<\/span><\/p>\n<p style=\"text-align: justify;\"><span style=\"font-family: Roboto;\">Tinc formaci\u00f3 espec\u00edfica a l&#8217;Aula d&#8217;Estudis Socials de Barcelona sobre persones que pateixen disminuci\u00f3 f\u00edsica (ceguesa, sordesa, etc.) i\/o ps\u00edquica. Vaig estar 10 anys treballant en el m\u00f3n de l&#8217;educaci\u00f3 especial en diferents col\u00b7legis i centres ocupacionals, estant en contacte amb el col\u00b7lectiu de persones amb necessitats educatives especials de totes les edats. Amb ells, he apr\u00e8s a valorar altres coses de la vida que moltes vegades no tenim en compte, ja que viuen la vida a trav\u00e9s dels seus ulls d&#8217;una manera una mica diferent al que estem acostumats.<\/span><\/p>\n<p style=\"text-align: justify;\"><span style=\"font-family: Roboto;\">S\u00f3c de l&#8217;opini\u00f3 que tot en aquesta vida t\u00e9 soluci\u00f3 i es pot esmenar, per aix\u00f2 em centro molt en la persona com a tal (nens i\/o adults) de forma personal i individualitzada, ja que cada un \u00e9s \u00fanic i totalment diferent a la resta del m\u00f3n. Intento fer que les persones que v\u00e9nen a el centre es sentin el m\u00e9s a gust i c\u00f2modes possible i puguin assolir de forma r\u00e0pida i efica\u00e7 els seus objectius.<\/span><\/p>\n<p style=\"text-align: justify;\"><span style=\"font-family: Roboto;\">Com psic\u00f2loga, tinc el ferm comprom\u00eds d&#8217;ajudar a tot aquell que ho necessiti.<\/span><\/p>\n<p style=\"text-align: justify;\"><span style=\"font-family: Roboto;\">Crec en l&#8217;\u00e9sser hum\u00e0 per la qual cosa, amb bon suport i guia tots poden aconseguir all\u00f2 que es proposin, ja que les respostes les t\u00e9 un mateix, nom\u00e9s calen les eines adequades per poder posar-lo en pr\u00e0ctica i aconseguir SER FELI\u00c7.<\/span><\/p>\n<p style=\"text-align: justify;\"><span style=\"font-family: Roboto;\">Si la vida s\u00f3n eleccions &#8230;, per qu\u00e8 no triar ser FELI\u00c7?<\/span><\/p>\n<\/div><div class=\"fusion-sep-clear\"><\/div><div class=\"fusion-separator\" style=\"margin-left: auto;margin-right: auto;margin-bottom:35px;width:100%;max-width:100px;\"><div class=\"fusion-separator-border sep-single sep-solid\" style=\"border-color:#10a498;border-top-width:2px;\"><\/div><\/div><div class=\"fusion-sep-clear\"><\/div><div class=\"fusion-clearfix\"><\/div><\/div><\/div><div class=\"fusion-layout-column fusion_builder_column fusion-builder-column-3 fusion_builder_column_1_2 1_2 fusion-one-half fusion-column-first\" style=\"width:50%;width:calc(50% - ( ( 4% ) * 0.5 ) );margin-right: 4%;margin-top:0px;margin-bottom:20px;\"><div class=\"fusion-column-wrapper fusion-flex-column-wrapper-legacy\" style=\"background-position:left top;background-repeat:no-repeat;-webkit-background-size:cover;-moz-background-size:cover;-o-background-size:cover;background-size:cover;padding: 0px 0px 0px 0px;\"><a class=\"zl-facility-url\" href=\"https:\/\/www.doctoralia.es\/clinicas\/centro-nanda\" rel=\"nofollow\" data-zlw-facility=\"centro-nanda\" data-zlw-type=\"facility-big-with-saas-only\" data-zlw-saas-only=\"true\">Centro Nanda<\/a><script>!function($_x,_s,id){var js,fjs=$_x.getElementsByTagName(_s)[0];if(!$_x.getElementById(id)){js = $_x.createElement(_s);js.id\u00a0= id;js.src = \"\/\/platform.docplanner.com\/js\/widget.js\";fjs.parentNode.insertBefore(js,fjs);}}(document,\"script\",\"zl-widget-s\");<\/script><div class=\"fusion-clearfix\"><\/div><\/div><\/div><div class=\"fusion-layout-column fusion_builder_column fusion-builder-column-4 fusion_builder_column_1_2 1_2 fusion-one-half fusion-column-last\" style=\"width:50%;width:calc(50% - ( ( 4% ) * 0.5 ) );margin-top:0px;margin-bottom:20px;\"><div class=\"fusion-column-wrapper fusion-flex-column-wrapper-legacy\" style=\"background-position:left top;background-repeat:no-repeat;-webkit-background-size:cover;-moz-background-size:cover;-o-background-size:cover;background-size:cover;padding: 0px 0px 0px 0px;\"><div class=\"fusion-clearfix\"><\/div><\/div><\/div><\/div><\/div>\n","protected":false},"excerpt":{"rendered":"","protected":false},"author":3,"featured_media":0,"parent":0,"menu_order":6,"comment_status":"closed","ping_status":"closed","template":"100-width.php","meta":{"footnotes":""},"class_list":["post-1097","page","type-page","status-publish","hentry"],"yoast_head":"<!-- This site is optimized with the Yoast SEO plugin v27.2 - https:\/\/yoast.com\/product\/yoast-seo-wordpress\/ -->\n<title>\u2705 Psic\u00f2legs Sabadell - Centro Nanda - Qui som?<\/title>\n<meta name=\"description\" content=\"Centro Nanda especialitzat en Qui som? a Sabadell amb m\u00e9s de 10 anys sd&#039;experi\u00e8ncia. Demana cita online o presencial en info@centronanda.es o al 655811696\" \/>\n<meta name=\"robots\" content=\"index, follow, max-snippet:-1, max-image-preview:large, max-video-preview:-1\" \/>\n<link rel=\"canonical\" href=\"https:\/\/centronanda.es\/ca\/qui-som\/\" \/>\n<meta property=\"og:locale\" content=\"ca_ES\" \/>\n<meta property=\"og:type\" content=\"article\" \/>\n<meta property=\"og:title\" content=\"\u2705 Psic\u00f2legs Sabadell - Centro Nanda - Qui som?\" \/>\n<meta property=\"og:description\" content=\"Centro Nanda especialitzat en Qui som? a Sabadell amb m\u00e9s de 10 anys sd&#039;experi\u00e8ncia. Demana cita online o presencial en info@centronanda.es o al 655811696\" \/>\n<meta property=\"og:url\" content=\"https:\/\/centronanda.es\/ca\/qui-som\/\" \/>\n<meta property=\"og:site_name\" content=\"Centro Nanda\" \/>\n<meta property=\"article:modified_time\" content=\"2020-10-15T06:48:14+00:00\" \/>\n<meta name=\"twitter:card\" content=\"summary_large_image\" \/>\n<meta name=\"twitter:label1\" content=\"Temps estimat de lectura\" \/>\n\t<meta name=\"twitter:data1\" content=\"8 minuts\" \/>\n<script type=\"application\/ld+json\" class=\"yoast-schema-graph\">{\"@context\":\"https:\/\/schema.org\",\"@graph\":[{\"@type\":\"WebPage\",\"@id\":\"https:\/\/centronanda.es\/ca\/qui-som\/\",\"url\":\"https:\/\/centronanda.es\/ca\/qui-som\/\",\"name\":\"\u2705 Psic\u00f2legs Sabadell - Centro Nanda - Qui som?\",\"isPartOf\":{\"@id\":\"https:\/\/centronanda.es\/ca\/#website\"},\"datePublished\":\"2019-12-20T18:40:46+00:00\",\"dateModified\":\"2020-10-15T06:48:14+00:00\",\"description\":\"Centro Nanda especialitzat en Qui som? a Sabadell amb m\u00e9s de 10 anys sd'experi\u00e8ncia. Demana cita online o presencial en info@centronanda.es o al 655811696\",\"breadcrumb\":{\"@id\":\"https:\/\/centronanda.es\/ca\/qui-som\/#breadcrumb\"},\"inLanguage\":\"ca\",\"potentialAction\":[{\"@type\":\"ReadAction\",\"target\":[\"https:\/\/centronanda.es\/ca\/qui-som\/\"]}]},{\"@type\":\"BreadcrumbList\",\"@id\":\"https:\/\/centronanda.es\/ca\/qui-som\/#breadcrumb\",\"itemListElement\":[{\"@type\":\"ListItem\",\"position\":1,\"name\":\"Portada\",\"item\":\"https:\/\/centronanda.es\/ca\/\"},{\"@type\":\"ListItem\",\"position\":2,\"name\":\"Qui som?\"}]},{\"@type\":\"WebSite\",\"@id\":\"https:\/\/centronanda.es\/ca\/#website\",\"url\":\"https:\/\/centronanda.es\/ca\/\",\"name\":\"Centro Nanda\",\"description\":\"Psicolog\u00eda Sabadell\",\"publisher\":{\"@id\":\"https:\/\/centronanda.es\/ca\/#organization\"},\"potentialAction\":[{\"@type\":\"SearchAction\",\"target\":{\"@type\":\"EntryPoint\",\"urlTemplate\":\"https:\/\/centronanda.es\/ca\/?s={search_term_string}\"},\"query-input\":{\"@type\":\"PropertyValueSpecification\",\"valueRequired\":true,\"valueName\":\"search_term_string\"}}],\"inLanguage\":\"ca\"},{\"@type\":\"Organization\",\"@id\":\"https:\/\/centronanda.es\/ca\/#organization\",\"name\":\"Centro Nanda\",\"url\":\"https:\/\/centronanda.es\/ca\/\",\"logo\":{\"@type\":\"ImageObject\",\"inLanguage\":\"ca\",\"@id\":\"https:\/\/centronanda.es\/ca\/#\/schema\/logo\/image\/\",\"url\":\"https:\/\/centronanda.es\/wp-content\/uploads\/2019\/10\/logo_nanda_sin_fondo.png\",\"contentUrl\":\"https:\/\/centronanda.es\/wp-content\/uploads\/2019\/10\/logo_nanda_sin_fondo.png\",\"width\":1359,\"height\":1263,\"caption\":\"Centro Nanda\"},\"image\":{\"@id\":\"https:\/\/centronanda.es\/ca\/#\/schema\/logo\/image\/\"}}]}<\/script>\n<!-- \/ Yoast SEO plugin. -->","yoast_head_json":{"title":"\u2705 Psic\u00f2legs Sabadell - Centro Nanda - Qui som?","description":"Centro Nanda especialitzat en Qui som? a Sabadell amb m\u00e9s de 10 anys sd'experi\u00e8ncia. Demana cita online o presencial en info@centronanda.es o al 655811696","robots":{"index":"index","follow":"follow","max-snippet":"max-snippet:-1","max-image-preview":"max-image-preview:large","max-video-preview":"max-video-preview:-1"},"canonical":"https:\/\/centronanda.es\/ca\/qui-som\/","og_locale":"ca_ES","og_type":"article","og_title":"\u2705 Psic\u00f2legs Sabadell - Centro Nanda - Qui som?","og_description":"Centro Nanda especialitzat en Qui som? a Sabadell amb m\u00e9s de 10 anys sd'experi\u00e8ncia. Demana cita online o presencial en info@centronanda.es o al 655811696","og_url":"https:\/\/centronanda.es\/ca\/qui-som\/","og_site_name":"Centro Nanda","article_modified_time":"2020-10-15T06:48:14+00:00","twitter_card":"summary_large_image","twitter_misc":{"Temps estimat de lectura":"8 minuts"},"schema":{"@context":"https:\/\/schema.org","@graph":[{"@type":"WebPage","@id":"https:\/\/centronanda.es\/ca\/qui-som\/","url":"https:\/\/centronanda.es\/ca\/qui-som\/","name":"\u2705 Psic\u00f2legs Sabadell - Centro Nanda - Qui som?","isPartOf":{"@id":"https:\/\/centronanda.es\/ca\/#website"},"datePublished":"2019-12-20T18:40:46+00:00","dateModified":"2020-10-15T06:48:14+00:00","description":"Centro Nanda especialitzat en Qui som? a Sabadell amb m\u00e9s de 10 anys sd'experi\u00e8ncia. Demana cita online o presencial en info@centronanda.es o al 655811696","breadcrumb":{"@id":"https:\/\/centronanda.es\/ca\/qui-som\/#breadcrumb"},"inLanguage":"ca","potentialAction":[{"@type":"ReadAction","target":["https:\/\/centronanda.es\/ca\/qui-som\/"]}]},{"@type":"BreadcrumbList","@id":"https:\/\/centronanda.es\/ca\/qui-som\/#breadcrumb","itemListElement":[{"@type":"ListItem","position":1,"name":"Portada","item":"https:\/\/centronanda.es\/ca\/"},{"@type":"ListItem","position":2,"name":"Qui som?"}]},{"@type":"WebSite","@id":"https:\/\/centronanda.es\/ca\/#website","url":"https:\/\/centronanda.es\/ca\/","name":"Centro Nanda","description":"Psicolog\u00eda Sabadell","publisher":{"@id":"https:\/\/centronanda.es\/ca\/#organization"},"potentialAction":[{"@type":"SearchAction","target":{"@type":"EntryPoint","urlTemplate":"https:\/\/centronanda.es\/ca\/?s={search_term_string}"},"query-input":{"@type":"PropertyValueSpecification","valueRequired":true,"valueName":"search_term_string"}}],"inLanguage":"ca"},{"@type":"Organization","@id":"https:\/\/centronanda.es\/ca\/#organization","name":"Centro Nanda","url":"https:\/\/centronanda.es\/ca\/","logo":{"@type":"ImageObject","inLanguage":"ca","@id":"https:\/\/centronanda.es\/ca\/#\/schema\/logo\/image\/","url":"https:\/\/centronanda.es\/wp-content\/uploads\/2019\/10\/logo_nanda_sin_fondo.png","contentUrl":"https:\/\/centronanda.es\/wp-content\/uploads\/2019\/10\/logo_nanda_sin_fondo.png","width":1359,"height":1263,"caption":"Centro Nanda"},"image":{"@id":"https:\/\/centronanda.es\/ca\/#\/schema\/logo\/image\/"}}]}},"_links":{"self":[{"href":"https:\/\/centronanda.es\/ca\/wp-json\/wp\/v2\/pages\/1097","targetHints":{"allow":["GET"]}}],"collection":[{"href":"https:\/\/centronanda.es\/ca\/wp-json\/wp\/v2\/pages"}],"about":[{"href":"https:\/\/centronanda.es\/ca\/wp-json\/wp\/v2\/types\/page"}],"author":[{"embeddable":true,"href":"https:\/\/centronanda.es\/ca\/wp-json\/wp\/v2\/users\/3"}],"replies":[{"embeddable":true,"href":"https:\/\/centronanda.es\/ca\/wp-json\/wp\/v2\/comments?post=1097"}],"version-history":[{"count":4,"href":"https:\/\/centronanda.es\/ca\/wp-json\/wp\/v2\/pages\/1097\/revisions"}],"predecessor-version":[{"id":1359,"href":"https:\/\/centronanda.es\/ca\/wp-json\/wp\/v2\/pages\/1097\/revisions\/1359"}],"wp:attachment":[{"href":"https:\/\/centronanda.es\/ca\/wp-json\/wp\/v2\/media?parent=1097"}],"curies":[{"name":"wp","href":"https:\/\/api.w.org\/{rel}","templated":true}]}}